{"id":240,"date":"2023-03-20T10:57:37","date_gmt":"2023-03-20T09:57:37","guid":{"rendered":"https:\/\/refonte.dac-varouest.fr\/?page_id=240"},"modified":"2026-04-01T14:44:01","modified_gmt":"2026-04-01T12:44:01","slug":"equipe-dac-var-ouest","status":"publish","type":"page","link":"https:\/\/dac-varouest.fr\/index.php\/presentation-dac-var-ouest\/equipe-dac-var-ouest\/","title":{"rendered":"\u00c9quipe"},"content":{"rendered":"\t\t<div data-elementor-type=\"wp-page\" data-elementor-id=\"240\" class=\"elementor elementor-240\">\n\t\t\t\t\t\t<section class=\"elementor-section elementor-top-section elementor-element elementor-element-db0ef61 elementor-section-boxed elementor-section-height-default elementor-section-height-default\" data-id=\"db0ef61\" data-element_type=\"section\" data-e-type=\"section\">\n\t\t\t\t\t\t<div class=\"elementor-container elementor-column-gap-default\">\n\t\t\t\t\t<div class=\"elementor-column elementor-col-100 elementor-top-column elementor-element elementor-element-101d792\" data-id=\"101d792\" data-element_type=\"column\" data-e-type=\"column\">\n\t\t\t<div class=\"elementor-widget-wrap elementor-element-populated\">\n\t\t\t\t\t\t<div class=\"elementor-element elementor-element-3168230 elementor-widget elementor-widget-html\" data-id=\"3168230\" data-element_type=\"widget\" data-e-type=\"widget\" data-widget_type=\"html.default\">\n\t\t\t\t<div class=\"elementor-widget-container\">\n\t\t\t\t\t<style>\/* ============================ *\/\r\n\/*   PAGE \u00c9QUIPE \u2014 PLEINE LARGEUR *\/\r\n\/* ============================ *\/\r\n\r\n\/* Bande pleine largeur (comme sur Ressources) *\/\r\n.dac-team-banner {\r\n    position: relative;\r\n    width: 100vw !important;\r\n    left: 50%;\r\n    margin-left: -50vw !important;\r\n    margin-right: -50vw !important;\r\n    padding: 40px 0 50px;\r\n}\r\n\r\n\/* Conteneur interne centr\u00e9 *\/\r\n.dac-team-banner-inner {\r\n    max-width: 1300px;\r\n    width: 100%;\r\n    margin: 0 auto;\r\n    padding: 0 30px;\r\n}\r\n\r\n\r\n\r\n\/* ============================ *\/\r\n\/*           INTRO              *\/\r\n\/* ============================ *\/\r\n\r\n.dac-team-intro {\r\n    max-width: 1300px !important;\r\n    width: 100%;\r\n    margin: 0 auto 35px;\r\n    text-align: center;\r\n}\r\n\r\n.dac-team-intro p {\r\n    font-size: 24px;\r\n    line-height: 1.7;\r\n    color: #2865b4;\r\n    font-weight: 600;\r\n}\r\n\r\n\r\n\r\n\/* ============================ *\/\r\n\/*        ORGANIGRAMME          *\/\r\n\/* ============================ *\/\r\n\r\n\/* IMAGE ORGANIGRAMME \u2013 version \u00e9quilibr\u00e9e *\/\r\n.dac-team-organi img {\r\n    width: 115% !important;       \/* r\u00e9duction : avant 150% *\/\r\n    max-width: none !important;\r\n    height: auto;\r\n    display: block;\r\n    margin: 0 auto;\r\n    transform: translateX(-7%);   \/* recentrage pr\u00e9cis *\/\r\n}\r\n\r\n\r\n\r\n\r\n\/* ============================ *\/\r\n\/*        RESPONSIVE            *\/\r\n\/* ============================ *\/\r\n\r\n@media (max-width: 900px) {\r\n    .dac-team-organi img {\r\n        width: 100% !important;\r\n        transform: none !important;\r\n    }\r\n    .dac-team-intro p {\r\n        font-size: 18px;\r\n    }\r\n}\r\n\r\nbody {\r\n    background-color: #ffffff;\r\n\r\n    background-image: \r\n        url('https:\/\/dac-varouest.fr\/wp-content\/uploads\/2025\/12\/LOGO-GRIS-MOITIE-SITE-INTERNET.svg'),\r\n        url('https:\/\/dac-varouest.fr\/wp-content\/uploads\/2025\/12\/LOGO-GRIS-MOITIE-SITE-INTERNET-droite.svg');\r\n    background-repeat: no-repeat, no-repeat;\r\n    background-position: left 180px, right 180px;\r\n    background-attachment: fixed, fixed;\r\n    background-size: 60% auto, 60% auto;\r\n}\r\n\r\n\r\n<\/style><section class=\"dac-team-banner\">\r\n  <div class=\"dac-team-banner-inner\">\r\n\r\n    <section class=\"dac-team-wrapper\">\r\n\r\n      <!-- INTRO -->\r\n      <div class=\"dac-team-intro\">\r\n        <p>\r\n          L\u2019\u00e9quipe du DAC Var Ouest r\u00e9unit des professionnels issus de champs sanitaires, sociaux et m\u00e9dico-sociaux,\r\n          organis\u00e9s pour assurer l\u2019appui aux parcours de sant\u00e9 et l\u2019animation territoriale.\r\n        <\/p>\r\n      <\/div>\r\n\r\n      <!-- ORGANIGRAMME -->\r\n      <div class=\"dac-team-organi\">\r\n        <img decoding=\"async\"\r\n          src=\"https:\/\/dac-varouest.fr\/wp-content\/uploads\/2026\/04\/Organigramme-DAC-VO-2025-13102025-3.svg\"\r\n          alt=\"Organigramme du DAC Var Ouest 2025\"\r\n        >\r\n      <\/div>\r\n\r\n    <\/section>\r\n\r\n  <\/div>\r\n<\/section>\r\n\t\t\t\t<\/div>\n\t\t\t\t<\/div>\n\t\t\t\t\t<\/div>\n\t\t<\/div>\n\t\t\t\t\t<\/div>\n\t\t<\/section>\n\t\t\t\t<\/div>\n\t\t","protected":false},"excerpt":{"rendered":"<p>L\u2019\u00e9quipe du DAC Var Ouest r\u00e9unit des professionnels issus de champs sanitaires, sociaux et m\u00e9dico-sociaux, organis\u00e9s pour assurer l\u2019appui aux parcours de sant\u00e9 et l\u2019animation territoriale.<\/p>\n","protected":false},"author":4,"featured_media":0,"parent":2571,"menu_order":0,"comment_status":"closed","ping_status":"closed","template":"","meta":{"_acf_changed":false,"advanced_seo_description":"","jetpack_seo_html_title":"","jetpack_seo_noindex":false,"footnotes":""},"class_list":["post-240","page","type-page","status-publish","hentry"],"acf":[],"_links":{"self":[{"href":"https:\/\/dac-varouest.fr\/index.php\/wp-json\/wp\/v2\/pages\/240","targetHints":{"allow":["GET"]}}],"collection":[{"href":"https:\/\/dac-varouest.fr\/index.php\/wp-json\/wp\/v2\/pages"}],"about":[{"href":"https:\/\/dac-varouest.fr\/index.php\/wp-json\/wp\/v2\/types\/page"}],"author":[{"embeddable":true,"href":"https:\/\/dac-varouest.fr\/index.php\/wp-json\/wp\/v2\/users\/4"}],"replies":[{"embeddable":true,"href":"https:\/\/dac-varouest.fr\/index.php\/wp-json\/wp\/v2\/comments?post=240"}],"version-history":[{"count":512,"href":"https:\/\/dac-varouest.fr\/index.php\/wp-json\/wp\/v2\/pages\/240\/revisions"}],"predecessor-version":[{"id":8798,"href":"https:\/\/dac-varouest.fr\/index.php\/wp-json\/wp\/v2\/pages\/240\/revisions\/8798"}],"up":[{"embeddable":true,"href":"https:\/\/dac-varouest.fr\/index.php\/wp-json\/wp\/v2\/pages\/2571"}],"wp:attachment":[{"href":"https:\/\/dac-varouest.fr\/index.php\/wp-json\/wp\/v2\/media?parent=240"}],"curies":[{"name":"wp","href":"https:\/\/api.w.org\/{rel}","templated":true}]}}