{"id":4357,"date":"2025-02-10T16:29:33","date_gmt":"2025-02-10T15:29:33","guid":{"rendered":"https:\/\/refonte.dac-varouest.fr\/?page_id=4357"},"modified":"2026-04-01T14:35:18","modified_gmt":"2026-04-01T12:35:18","slug":"gouvernance-2","status":"publish","type":"page","link":"https:\/\/dac-varouest.fr\/index.php\/presentation-dac-var-ouest\/gouvernance-2\/","title":{"rendered":"Gouvernance"},"content":{"rendered":"\t\t<div data-elementor-type=\"wp-page\" data-elementor-id=\"4357\" class=\"elementor elementor-4357\">\n\t\t\t\t\t\t<section class=\"elementor-section elementor-top-section elementor-element elementor-element-0312682 elementor-section-boxed elementor-section-height-default elementor-section-height-default\" data-id=\"0312682\" data-element_type=\"section\" data-e-type=\"section\">\n\t\t\t\t\t\t<div class=\"elementor-container elementor-column-gap-default\">\n\t\t\t\t\t<div class=\"elementor-column elementor-col-100 elementor-top-column elementor-element elementor-element-39110ee\" data-id=\"39110ee\" data-element_type=\"column\" data-e-type=\"column\">\n\t\t\t<div class=\"elementor-widget-wrap elementor-element-populated\">\n\t\t\t\t\t\t<div class=\"elementor-element elementor-element-72c36fe elementor-widget elementor-widget-html\" data-id=\"72c36fe\" data-element_type=\"widget\" data-e-type=\"widget\" data-widget_type=\"html.default\">\n\t\t\t\t<div class=\"elementor-widget-container\">\n\t\t\t\t\t<style>\r\n\/* =============================\r\n   WRAPPER GLOBAL\r\n   ============================= *\/\r\n\r\n.dac-gouv-wrapper {\r\n  max-width: 1300px;\r\n  margin: 0 auto;\r\n  padding: 10px 20px 60px;\r\n  font-family: \"Poppins\", sans-serif;\r\n  color: #1c1c1c;\r\n}\r\n\r\n\/* =============================\r\n   INTRO SANS CADRE\r\n   ============================= *\/\r\n\r\n.dac-gouv-intro {\r\n  background: none;\r\n  padding: 0;\r\n  box-shadow: none;\r\n  border-radius: 0;\r\n  text-align: center;\r\n  margin: 0 auto 40px;\r\n  max-width: 1100px;\r\n}\r\n\r\n.dac-gouv-intro p {\r\n  font-size: 20px;\r\n  line-height: 1.7;\r\n  margin-bottom: 20px;\r\n  color: #2865b4;\r\n  font-weight: 500;\r\n}\r\n\r\n.dac-gouv-intro h2 {\r\n  display: none;\r\n}\r\n\r\n\/* =============================\r\n   ONGLET BOUTONS\r\n   ============================= *\/\r\n\r\n.dac-gouv-tabs {\r\n  display: flex;\r\n  gap: 15px;\r\n  margin: 0 auto 30px;\r\n  flex-wrap: wrap;\r\n  max-width: 1100px;\r\n}\r\n\r\n.dac-gouv-tab-btn {\r\n  flex: 1 1 220px;\r\n  border-radius: 999px;\r\n  border: 2px solid #2865b4;\r\n  padding: 14px 24px;\r\n  background: #ffffff;\r\n  color: #2865b4;\r\n  font-weight: 600;\r\n  font-size: 18px;\r\n  text-align: center;\r\n  cursor: pointer;\r\n  transition: all 0.2s ease;\r\n}\r\n\r\n.dac-gouv-tab-btn:hover {\r\n  background: #eaf3ff;\r\n}\r\n\r\n.dac-gouv-tab-btn.active {\r\n  background: #2865b4;\r\n  color: #ffffff;\r\n  box-shadow: 0 6px 16px rgba(0, 0, 0, 0.12);\r\n}\r\n\r\n\/* =============================\r\n   CONTENU DES ONGLETS\r\n   ============================= *\/\r\n\r\n.dac-gouv-tabpanel {\r\n  display: none;\r\n  background: #f5f8ff;\r\n  border-radius: 18px;\r\n  padding: 30px 28px 35px;\r\n  box-shadow: 0 10px 30px rgba(0, 0, 0, 0.06);\r\n  max-width: 1300px;\r\n  margin: 0 auto 25px;\r\n}\r\n\r\n.dac-gouv-tabpanel.active {\r\n  display: block;\r\n}\r\n\r\n.dac-gouv-tabpanel h3 {\r\n  font-size: 24px;\r\n  font-weight: 700;\r\n  color: #2865b4;\r\n  margin-bottom: 8px;\r\n}\r\n\r\n.dac-gouv-underline {\r\n  width: 120px;\r\n  height: 3px;\r\n  background: #2865b4;\r\n  border-radius: 999px;\r\n  margin-bottom: 22px;\r\n}\r\n\r\n\/* seulement les <p> directement dans le panneau, pas ceux du sch\u00e9ma *\/\r\n.dac-gouv-text,\r\n.dac-gouv-tabpanel > p {\r\n  font-size: 18px;\r\n  line-height: 1.8;\r\n}\r\n\r\n.dac-gouv-text {\r\n  margin-bottom: 22px;\r\n  text-align: justify;\r\n}\r\n\r\n\/* Bloc \"D\u00e9tail...\" fixe *\/\r\n.dac-gouv-details {\r\n  margin-top: 20px;\r\n}\r\n\r\n.dac-gouv-tabpanel .dac-gouv-details-title {\r\n  font-size: 23px !important;\r\n  color: #2865b4;\r\n}\r\n\r\n\/* =============================\r\n   IMAGES JURIDIQUE\r\n   ============================= *\/\r\n\r\n.dac-gouv-images {\r\n  display: flex;\r\n  flex-wrap: wrap;\r\n  gap: 20px;\r\n  margin-bottom: 25px;\r\n}\r\n\r\n.dac-gouv-images--juridique > div {\r\n  flex: 1 1 48%;\r\n  background: #ffffff;\r\n  border-radius: 16px;\r\n  padding: 18px;\r\n  box-shadow: 0 6px 18px rgba(0, 0, 0, 0.04);\r\n}\r\n\r\n.dac-gouv-images--juridique img {\r\n  width: 100%;\r\n  height: auto;\r\n  display: block;\r\n  cursor: zoom-in;\r\n}\r\n\r\n\/* Lightbox plein \u00e9cran *\/\r\n\r\n.dac-gouv-lightbox {\r\n  position: fixed;\r\n  inset: 0;\r\n  background: rgba(0, 0, 0, 0.75);\r\n  display: none;\r\n  align-items: center;\r\n  justify-content: center;\r\n  z-index: 9999;\r\n}\r\n\r\n.dac-gouv-lightbox.open {\r\n  display: flex;\r\n}\r\n\r\n.dac-gouv-lightbox img {\r\n  max-width: 90vw;\r\n  max-height: 90vh;\r\n  border-radius: 12px;\r\n  box-shadow: 0 20px 40px rgba(0, 0, 0, 0.4);\r\n  background: #ffffff;\r\n  cursor: zoom-out;\r\n}\r\n\r\n\/* =============================\r\n   SCHEMA GOUVERNANCE STRAT\u00c9GIQUE\r\n   ============================= *\/\r\n\r\n.dac-strat-scheme {\r\n  background: #ffffff;\r\n  border-radius: 24px;\r\n  padding: 38px 42px 30px;\r\n  box-shadow: 0 14px 32px rgba(0, 0, 0, 0.06);\r\n}\r\n\r\n\/* Bandeau jaune du haut *\/\r\n\r\n.dac-strat-header {\r\n  text-align: center;\r\n  margin-bottom: 8px;\r\n}\r\n\r\n.dac-strat-badge {\r\n  display: inline-block;\r\n  background: #ffb300;\r\n  color: #ffffff;\r\n  padding: 10px 34px;\r\n  border-radius: 999px;\r\n  font-weight: 700;\r\n  font-size: 16px;\r\n  letter-spacing: 0.03em;\r\n}\r\n\r\n.dac-strat-subtitle {\r\n  margin-top: 8px;\r\n  font-size: 14px;\r\n}\r\n\r\n\/* Fl\u00e8che vers le bas (entre bandeau jaune et cube bleu) *\/\r\n\r\n.dac-strat-arrow-row-top {\r\n  display: flex;\r\n  justify-content: center;\r\n  margin: 6px 0 16px;\r\n}\r\n\r\n.dac-strat-circle-arrow {\r\n  width: 26px;\r\n  height: 26px;\r\n  border-radius: 999px;\r\n  border: 2px solid #000;\r\n  display: flex;\r\n  align-items: center;\r\n  justify-content: center;\r\n  font-size: 14px;\r\n  line-height: 1;\r\n}\r\n\r\n\/* m\u00eame fl\u00e8che mais tourn\u00e9e vers le bas *\/\r\n.dac-strat-circle-arrow--down {\r\n  transform: rotate(90deg);\r\n}\r\n\r\n\/* Rang\u00e9e principale : 3 colonnes + fl\u00e8ches *\/\r\n\r\n.dac-strat-row {\r\n  display: flex;\r\n  align-items: flex-start;   \/* ne bouge pas les cubes quand on ouvre *\/\r\n  gap: 16px;\r\n}\r\n\r\n.dac-strat-col {\r\n  flex: 1 1 0;\r\n  display: flex;\r\n  flex-direction: column;\r\n}\r\n\r\n.dac-strat-arrow-h {\r\n  flex: 0 0 auto;\r\n  display: flex;\r\n  align-items: center;\r\n  justify-content: center;\r\n  margin-top: 40px;\r\n}\r\n\r\n\/* T\u00eates color\u00e9es cliquables *\/\r\n\r\n.dac-strat-col-head {\r\n  border-radius: 24px;\r\n  padding: 18px 22px;\r\n  color: #ffffff;\r\n  display: flex;\r\n  flex-direction: column;\r\n  justify-content: center;\r\n  min-height: 110px;\r\n  box-sizing: border-box;\r\n  position: relative;\r\n  cursor: pointer;\r\n  border: none;\r\n  width: 100%;\r\n  text-align: left;\r\n  background: transparent;\r\n}\r\n\r\n.dac-strat-col-title {\r\n  font-size: 15px;\r\n  font-weight: 700;\r\n  text-transform: uppercase;\r\n  letter-spacing: 0.04em;\r\n  margin-bottom: 6px;\r\n}\r\n\r\n.dac-strat-col-sub {\r\n  font-size: 13px;\r\n}\r\n\r\n\/* + \/ - dans les t\u00eates *\/\r\n\r\n.dac-strat-col-head::after {\r\n  content: \"\uff0b\";\r\n  position: absolute;\r\n  right: 16px;\r\n  top: 50%;\r\n  transform: translateY(-50%);\r\n  font-size: 18px;\r\n  font-weight: 700;\r\n}\r\n\r\n.dac-strat-col.open .dac-strat-col-head::after {\r\n  content: \"\u2212\";\r\n}\r\n\r\n\/* Couleurs des 3 colonnes *\/\r\n\r\n.dac-strat-col--observatoire .dac-strat-col-head {\r\n  background: #fb5338;\r\n}\r\n\r\n.dac-strat-col--ingenierie .dac-strat-col-head {\r\n  background: #2865b4;\r\n}\r\n\r\n.dac-strat-col--ethique .dac-strat-col-head {\r\n  background: #58c1db;\r\n}\r\n\r\n\/* fl\u00e8ches horizontales = m\u00eame style que celle du haut, sans rotation *\/\r\n\r\n.dac-strat-arrow-h .dac-strat-circle-arrow {\r\n  border-color: #000;\r\n}\r\n\r\n\/* Texte sous les cubes *\/\r\n\r\n.dac-strat-col-body {\r\n  margin-top: 10px;\r\n  font-size: 12px;\r\n  line-height: 1.5;\r\n  display: none;\r\n}\r\n\r\n.dac-strat-col.open .dac-strat-col-body {\r\n  display: block;\r\n}\r\n\r\n.dac-strat-col-body p {\r\n  font-size: 15px;\r\n  line-height: 1.5;\r\n  margin: 0 0 3px;\r\n}\r\n\r\n.dac-strat-col-body h4 {\r\n  margin: 6px 0 6px;\r\n  font-size: 12px;\r\n  font-weight: 700;\r\n}\r\n\r\n\/* Pills rouge \/ bleu *\/\r\n\r\n.dac-strat-pill {\r\n  display: inline-block;\r\n  border-radius: 999px;\r\n  padding: 7px 18px;\r\n  border: 2px solid #fb5338;\r\n  font-size: 13px;\r\n  font-weight: 600;\r\n  margin-bottom: 8px;\r\n}\r\n\r\n.dac-strat-pill-blue {\r\n  display: inline-block;\r\n  border-radius: 999px;\r\n  padding: 7px 18px;\r\n  border: 2px solid #2865b4;\r\n  font-size: 13px;\r\n  font-weight: 600;\r\n  margin-bottom: 6px;\r\n}\r\n\r\n\/* nouvelle pastille bleu clair pour le comit\u00e9 \u00e9thique *\/\r\n.dac-strat-pill-light {\r\n  display: inline-block;\r\n  border-radius: 999px;\r\n  padding: 7px 18px;\r\n  border: 2px solid #58c1db;\r\n  font-size: 13px;\r\n  font-weight: 600;\r\n  margin: 8px 0 6px;\r\n  background: transparent;\r\n}\r\n\r\n.dac-strat-col--observatoire .dac-strat-col-body p,\r\n.dac-strat-col--ingenierie .dac-strat-col-body p {\r\n  margin: 0 0 2px;\r\n}\r\n\r\n.dac-strat-col--ethique .dac-strat-col-body h4 {\r\n  margin-top: 8px;\r\n}\r\n\r\n\/* =============================\r\n   FOOTER STRAT\u00c9GIQUE (bas)\r\n   ============================= *\/\r\n\r\n\/* Cach\u00e9 par d\u00e9faut : ne s\u2019affiche que quand la colonne bleue est ouverte *\/\r\n.dac-strat-footer-row {\r\n  display: none;\r\n  align-items: center;\r\n  justify-content: center;\r\n  gap: 12px;\r\n  margin-top: 26px;\r\n  align-self: center;\r\n}\r\n\r\n.dac-strat-footer-row.visible {\r\n  display: flex;\r\n}\r\n\r\n\/* cadre jaune du bas = m\u00eame style que bandeau du haut *\/\r\n.dac-strat-badge-bottom {\r\n  display: inline-block;\r\n  background: #ffb300;\r\n  color: #ffffff;\r\n  padding: 10px 34px;\r\n  border-radius: 999px;\r\n  font-weight: 700;\r\n  font-size: 16px;\r\n  letter-spacing: 0.03em;\r\n}\r\n\r\n\/* texte sous le badge jaune bas *\/\r\n.dac-strat-footer-text {\r\n  text-align: center;\r\n  margin-top: 6px;\r\n  font-size: 14px;\r\n}\r\n\r\n\/* \"Livre blanc\" \u00e0 droite *\/\r\n.dac-strat-livre-blanc {\r\n  display: inline-block;\r\n  padding: 8px 22px;\r\n  border-radius: 999px;\r\n  background: #e5f5ff;\r\n  border: 2px solid #58c1db;\r\n  font-size: 14px;\r\n  font-weight: 600;\r\n  white-space: nowrap;\r\n}\r\n\r\n\/* =============================\r\n   RESPONSIVE\r\n   ============================= *\/\r\n\r\n@media (max-width: 900px) {\r\n  .dac-gouv-intro {\r\n    padding: 28px 22px;\r\n    margin-top: -20px;\r\n  }\r\n\r\n  .dac-gouv-tabpanel {\r\n    padding: 22px 18px 25px;\r\n  }\r\n\r\n  .dac-gouv-images--juridique > div {\r\n    flex: 1 1 100%;\r\n  }\r\n\r\n  .dac-strat-scheme {\r\n    padding: 26px 20px 24px;\r\n  }\r\n\r\n  .dac-strat-row {\r\n    flex-direction: column;\r\n  }\r\n\r\n  .dac-strat-arrow-h {\r\n    display: none;\r\n  }\r\n\r\n  .dac-strat-footer-row {\r\n    flex-direction: column;\r\n  }\r\n}\r\n\r\n@media (max-width: 600px) {\r\n  .dac-gouv-intro p {\r\n    font-size: 16px;\r\n  }\r\n\r\n  .dac-gouv-tab-btn {\r\n    font-size: 16px;\r\n    padding: 10px 18px;\r\n  }\r\n}\r\n<\/style>\r\n\r\n\r\n<div class=\"dac-gouv-wrapper\">\r\n\r\n  <!-- INTRO ENCADR\u00c9E -->\r\n  <section class=\"dac-gouv-intro\">\r\n    <h2>Gouvernance du DAC Var Ouest<\/h2>\r\n    <p>\r\n      La composition de nos gouvernances assure la repr\u00e9sentativit\u00e9 des acteurs du territoire,\r\n      en faveur de r\u00e9flexions territorialis\u00e9es et de l\u2019\u00e9laboration de plans d\u2019actions concert\u00e9s.\r\n    <\/p>\r\n    <p>\r\n      Elles refl\u00e8tent notre engagement \u00e0 r\u00e9pondre aux besoins sp\u00e9cifiques de notre territoire\r\n      tout en respectant le principe de subsidiarit\u00e9, en valorisant les ressources existantes.\r\n    <\/p>\r\n    <p>\r\n      Le DAC Var Ouest a \u00e9t\u00e9 fond\u00e9 sous un statut juridique associatif.\r\n    <\/p>\r\n  <\/section>\r\n\r\n  <!-- ONGLET BOUTONS -->\r\n  <div class=\"dac-gouv-tabs\">\r\n    <button class=\"dac-gouv-tab-btn active\" data-gouv-tab=\"juridique\">\r\n      Gouvernance juridique\r\n    <\/button>\r\n    <button class=\"dac-gouv-tab-btn\" data-gouv-tab=\"strategique\">\r\n      Gouvernance strat\u00e9gique territoriale\r\n    <\/button>\r\n  <\/div>\r\n\r\n  <!-- ONGLET 1 : JURIDIQUE -->\r\n  <section class=\"dac-gouv-tabpanel active\" id=\"dac-gouv-tab-juridique\">\r\n    <h3>Gouvernance juridique<\/h3>\r\n    <div class=\"dac-gouv-underline\"><\/div>\r\n\r\n    <div class=\"dac-gouv-images dac-gouv-images--juridique\">\r\n      <div>\r\n        <img decoding=\"async\" src=\"https:\/\/dac-varouest.fr\/wp-content\/uploads\/2026\/04\/Membre-du-CA-2026-2028-1.svg\"\r\n             alt=\"Gouvernance juridique - Conseil d\u2019Administration\">\r\n      <\/div>\r\n      <div>\r\n        <img decoding=\"async\" src=\"https:\/\/dac-varouest.fr\/wp-content\/uploads\/2026\/04\/Membre-du-bureau-2026-2028-1.svg\"\r\n             alt=\"Gouvernance juridique - Bureau et instances\">\r\n      <\/div>\r\n    <\/div>\r\n\r\n    <div class=\"dac-gouv-details\">\r\n      <p class=\"dac-gouv-details-title\">D\u00e9tail de la gouvernance juridique<\/p>\r\n      <div class=\"dac-gouv-text\">\r\n        <p>\r\n          La gouvernance juridique du DAC Var Ouest garantit l\u2019inscription de nos interventions au cadre l\u00e9gal en vigueur,\r\n          ainsi qu\u2019aux enjeux et besoins sp\u00e9cifiques des professionnels et des habitants de notre territoire.\r\n        <\/p>\r\n        <p>\r\n          Elle est assur\u00e9e par un Bureau, un Conseil d\u2019Administration et une Assembl\u00e9e g\u00e9n\u00e9rale compos\u00e9s de membres issus de divers secteurs,\r\n          apportant respectivement leur expertise pour une vision \u00e9quilibr\u00e9e et diversifi\u00e9e des projets \u00e0 d\u00e9velopper.\r\n        <\/p>\r\n        <p>\r\n          La pr\u00e9sidence du DAC Var Ouest est assur\u00e9e de mani\u00e8re annuelle par un membre fondateur de l\u2019association.\r\n          Les trois membres fondateurs \u00e9tant : le CCAS de Toulon, le COS Beaus\u00e9jour et l\u2019Association Alzheimer Aidants Var.\r\n        <\/p>\r\n      <\/div>\r\n    <\/div>\r\n  <\/section>\r\n\r\n  <!-- ONGLET 2 : STRAT\u00c9GIQUE -->\r\n  <section class=\"dac-gouv-tabpanel\" id=\"dac-gouv-tab-strategique\">\r\n    <h3>Gouvernance strat\u00e9gique territoriale<\/h3>\r\n    <div class=\"dac-gouv-underline\"><\/div>\r\n\r\n    <div class=\"dac-strat-scheme\">\r\n      <!-- Bandeau jaune haut -->\r\n      <div class=\"dac-strat-header\">\r\n        <div class=\"dac-strat-badge\">\r\n          CONSEIL SCIENTIFIQUE DU DAC VAR OUEST\r\n        <\/div>\r\n        <p class=\"dac-strat-subtitle\">\r\n          Proposition des projets de l\u2019Animation territoriale\r\n        <\/p>\r\n      <\/div>\r\n\r\n      <!-- Fl\u00e8che vers le bas -->\r\n      <div class=\"dac-strat-arrow-row-top\" aria-hidden=\"true\">\r\n        <div class=\"dac-strat-circle-arrow dac-strat-circle-arrow--down\">\u203a<\/div>\r\n      <\/div>\r\n\r\n      <!-- 3 colonnes + fl\u00e8ches (cliquables) -->\r\n      <div class=\"dac-strat-row\">\r\n        <!-- Colonne 1 : Observatoire -->\r\n        <div class=\"dac-strat-col dac-strat-col--observatoire\">\r\n          <button class=\"dac-strat-col-head\" type=\"button\">\r\n            <div class=\"dac-strat-col-title\">\r\n              OBSERVATOIRE DES<br>RUPTURES DE PARCOURS\r\n            <\/div>\r\n            <div class=\"dac-strat-col-sub\">\r\n              Maillage et r\u00e9seau\r\n            <\/div>\r\n          <\/button>\r\n          <div class=\"dac-strat-col-body\">\r\n            <span class=\"dac-strat-pill\">Diagnostic territorial<\/span><br>\r\n            <span class=\"dac-strat-pill\">Comit\u00e9 de coordination territorial<\/span>\r\n\r\n            <p>Pr\u00e9sentation de parcours complexes<\/p>\r\n            <p>Analyse collective des points de rupture<\/p>\r\n            <p>Valorisation des ressources existantes<\/p>\r\n            <p>Echanges entre professionnels<\/p>\r\n            <p>Actualisation des parcours par besoin<\/p>\r\n          <\/div>\r\n        <\/div>\r\n\r\n        <!-- Fl\u00e8che horizontale 1 -->\r\n        <div class=\"dac-strat-arrow-h\" aria-hidden=\"true\">\r\n          <div class=\"dac-strat-circle-arrow\">\u203a<\/div>\r\n        <\/div>\r\n\r\n        <!-- Colonne 2 : Centre d\u2019ing\u00e9nierie -->\r\n        <div class=\"dac-strat-col dac-strat-col--ingenierie\">\r\n          <button class=\"dac-strat-col-head\" type=\"button\">\r\n            <div class=\"dac-strat-col-title\">\r\n              CENTRE D\u2019INGENIERIE<br>PROJETS - PARCOURS\r\n            <\/div>\r\n            <div class=\"dac-strat-col-sub\">\r\n              Pratiques et outils\r\n            <\/div>\r\n          <\/button>\r\n          <div class=\"dac-strat-col-body\">\r\n            <span class=\"dac-strat-pill-blue\">Structuration des parcours<\/span>\r\n            <p>Recensement de l\u2019offre et visibilit\u00e9 : CASSI<\/p>\r\n            <p>Soutien aux pratiques professionnelles : capsules<\/p>\r\n            <p>Organisation de parcours : logigrammes par besoin<\/p>\r\n\r\n            <span class=\"dac-strat-pill-blue\">Appui aux porteurs de projets<\/span>\r\n            <p>Soutien \u00e0 l\u2019\u00e9laboration de projets, \u00e9v\u00e8nements<\/p>\r\n\r\n            <span class=\"dac-strat-pill-blue\">LAB\u2019 DAC<\/span>\r\n            <p>D\u00e9veloppement de projets (innovation,<\/p>\r\n            <p>e-sant\u00e9, design de parcours de sant\u00e9)<\/p>\r\n            <p>Proposition de projets innovants<\/p>\r\n            <p>D\u00e9veloppement d\u2019une dynamique partenariale<\/p>\r\n          <\/div>\r\n        <\/div>\r\n\r\n        <!-- Fl\u00e8che horizontale 2 -->\r\n        <div class=\"dac-strat-arrow-h\" aria-hidden=\"true\">\r\n          <div class=\"dac-strat-circle-arrow\">\u203a<\/div>\r\n        <\/div>\r\n\r\n        <!-- Colonne 3 : Comit\u00e9 \u00e9thique -->\r\n        <div class=\"dac-strat-col dac-strat-col--ethique\">\r\n          <button class=\"dac-strat-col-head\" type=\"button\">\r\n            <div class=\"dac-strat-col-title\">\r\n              COMITE DE REFLEXION<br>ETHIQUE TERRITORIAL\r\n            <\/div>\r\n            <div class=\"dac-strat-col-sub\">\r\n              R\u00e9flexion responsable\r\n            <\/div>\r\n          <\/button>\r\n          <div class=\"dac-strat-col-body\">\r\n            <!-- CONTENU AJOUT\u00c9 ICI -->\r\n            <span class=\"dac-strat-pill-light\">2026<\/span>\r\n            <p>\u00c0 la fronti\u00e8re entre le neurologique et le psychiatrique : d\u00e9ni, refus de soins \u00e9clair\u00e9 ou non.<\/p>\r\n            <p>&bull; Focus Sant\u00e9 Mentale : des soins consentis \u00e0 la contrainte<\/p>\r\n            <p>&bull; Focus Perte d'autonomie : du rep\u00e9rage jusqu'\u00e0 la mesure de protection<\/p>\r\n\r\n            <span class=\"dac-strat-pill-light\">2027<\/span>\r\n            <p>Refus de soins et d\u2019aides : prisme par professionnel et prisme usagers (sant\u00e9 mentale, pathologies chroniques, personnes \u00e2g\u00e9es, addiction\u2026).<\/p>\r\n            <p>&bull; Focus Addiction : ramener vers le soin, acceptation de la r\u00e9duction des risques<\/p>\r\n\r\n            <span class=\"dac-strat-pill-light\">2028<\/span>\r\n            <p>Le domicile : jusqu'o\u00f9 aller dans l'accompagnement.<\/p>\r\n            <p>&bull; Focus : Diog\u00e8ne \/ incurie<\/p>\r\n            <p>&bull; Focus : Personne en situation de handicap, en sortie de SMR<\/p>\r\n            <p>&bull; Focus : Personnes \u00e2g\u00e9es, maintien \u00e0 domicile jusqu\u2019au bout<\/p>\r\n          <\/div>\r\n        <\/div>\r\n      <\/div>\r\n\r\n      <!-- Bandeau bas + fl\u00e8che + Livre blanc (li\u00e9 au centre) -->\r\n      <div class=\"dac-strat-footer-row\">\r\n        <div>\r\n          <div class=\"dac-strat-badge-bottom\">\r\n            CONSEIL SCIENTIFIQUE DU DAC VAR OUEST\r\n          <\/div>\r\n          <div class=\"dac-strat-footer-text\">\r\n            Validation des projets de l\u2019Animation territoriale\r\n          <\/div>\r\n        <\/div>\r\n        <div class=\"dac-strat-circle-arrow\" aria-hidden=\"true\">\u203a<\/div>\r\n        <div>\r\n          <span class=\"dac-strat-livre-blanc\">Livre blanc<\/span>\r\n        <\/div>\r\n      <\/div>\r\n    <\/div>\r\n\r\n    <div class=\"dac-gouv-details\">\r\n      <div class=\"dac-gouv-text\">\r\n        <p>\r\n          Cliquez sur les differents items pour les d\u00e9velopper \u2191\r\n        <\/p>\r\n      <\/div>\r\n    <\/div>\r\n  <\/section>\r\n\r\n  <!-- Lightbox pour les images juridiques -->\r\n  <div class=\"dac-gouv-lightbox\" id=\"dac-gouv-lightbox\">\r\n    <img decoding=\"async\" src=\"\" alt=\"\" id=\"dac-gouv-lightbox-img\">\r\n  <\/div>\r\n<\/div>\r\n\r\n<script>\r\n  (function() {\r\n    \/* Onglets *\/\r\n    const buttons = document.querySelectorAll('.dac-gouv-tab-btn');\r\n    const panels  = document.querySelectorAll('.dac-gouv-tabpanel');\r\n\r\n    buttons.forEach(function(btn) {\r\n      btn.addEventListener('click', function() {\r\n        const target = this.getAttribute('data-gouv-tab');\r\n\r\n        buttons.forEach(function(b) {\r\n          b.classList.remove('active');\r\n        });\r\n        this.classList.add('active');\r\n\r\n        panels.forEach(function(p) {\r\n          if (p.id === 'dac-gouv-tab-' + target) {\r\n            p.classList.add('active');\r\n          } else {\r\n            p.classList.remove('active');\r\n          }\r\n        });\r\n      });\r\n    });\r\n\r\n    \/* Accord\u00e9on sur les 3 colonnes strat\u00e9giques\r\n       + footer visible uniquement quand le centre est ouvert *\/\r\n    const stratHeads = document.querySelectorAll('.dac-strat-col-head');\r\n    const centreCol  = document.querySelector('.dac-strat-col--ingenierie');\r\n    const footerRow  = document.querySelector('.dac-strat-footer-row');\r\n\r\n    stratHeads.forEach(function(head) {\r\n      head.addEventListener('click', function() {\r\n        const col = this.closest('.dac-strat-col');\r\n        col.classList.toggle('open');\r\n\r\n        if (col === centreCol) {\r\n          const isOpen = col.classList.contains('open');\r\n          if (isOpen) {\r\n            footerRow.classList.add('visible');\r\n          } else {\r\n            footerRow.classList.remove('visible');\r\n          }\r\n        }\r\n      });\r\n    });\r\n\r\n    \/* Lightbox sur les images juridiques *\/\r\n    const jurImages = document.querySelectorAll('.dac-gouv-images--juridique img');\r\n    const lightbox  = document.getElementById('dac-gouv-lightbox');\r\n    const lbImg     = document.getElementById('dac-gouv-lightbox-img');\r\n\r\n    jurImages.forEach(function(img) {\r\n      img.addEventListener('click', function() {\r\n        lbImg.src = this.src;\r\n        lbImg.alt = this.alt || '';\r\n        lightbox.classList.add('open');\r\n      });\r\n    });\r\n\r\n    lightbox.addEventListener('click', function() {\r\n      lightbox.classList.remove('open');\r\n      lbImg.src = '';\r\n    });\r\n  })();\r\n<\/script>\r\n\t\t\t\t<\/div>\n\t\t\t\t<\/div>\n\t\t\t\t\t<\/div>\n\t\t<\/div>\n\t\t\t\t\t<\/div>\n\t\t<\/section>\n\t\t\t\t<section class=\"elementor-section elementor-top-section elementor-element elementor-element-7a95a77 elementor-section-boxed elementor-section-height-default elementor-section-height-default\" data-id=\"7a95a77\" data-element_type=\"section\" data-e-type=\"section\">\n\t\t\t\t\t\t<div class=\"elementor-container elementor-column-gap-default\">\n\t\t\t\t\t<div class=\"elementor-column elementor-col-100 elementor-top-column elementor-element elementor-element-2966901\" data-id=\"2966901\" data-element_type=\"column\" data-e-type=\"column\">\n\t\t\t<div class=\"elementor-widget-wrap elementor-element-populated\">\n\t\t\t\t\t\t\t<\/div>\n\t\t<\/div>\n\t\t\t\t\t<\/div>\n\t\t<\/section>\n\t\t\t\t<\/div>\n\t\t","protected":false},"excerpt":{"rendered":"<p>Gouvernance du DAC Var Ouest La composition de nos gouvernances assure la repr\u00e9sentativit\u00e9 des acteurs du territoire, en faveur de r\u00e9flexions territorialis\u00e9es et de l\u2019\u00e9laboration de plans d\u2019actions concert\u00e9s. Elles refl\u00e8tent notre engagement \u00e0 r\u00e9pondre aux besoins sp\u00e9cifiques de notre territoire tout en respectant le principe de subsidiarit\u00e9, en valorisant les ressources existantes. Le DAC <\/p>\n","protected":false},"author":4,"featured_media":0,"parent":2571,"menu_order":0,"comment_status":"closed","ping_status":"closed","template":"","meta":{"_acf_changed":false,"advanced_seo_description":"","jetpack_seo_html_title":"","jetpack_seo_noindex":false,"footnotes":""},"class_list":["post-4357","page","type-page","status-publish","hentry"],"acf":[],"_links":{"self":[{"href":"https:\/\/dac-varouest.fr\/index.php\/wp-json\/wp\/v2\/pages\/4357","targetHints":{"allow":["GET"]}}],"collection":[{"href":"https:\/\/dac-varouest.fr\/index.php\/wp-json\/wp\/v2\/pages"}],"about":[{"href":"https:\/\/dac-varouest.fr\/index.php\/wp-json\/wp\/v2\/types\/page"}],"author":[{"embeddable":true,"href":"https:\/\/dac-varouest.fr\/index.php\/wp-json\/wp\/v2\/users\/4"}],"replies":[{"embeddable":true,"href":"https:\/\/dac-varouest.fr\/index.php\/wp-json\/wp\/v2\/comments?post=4357"}],"version-history":[{"count":63,"href":"https:\/\/dac-varouest.fr\/index.php\/wp-json\/wp\/v2\/pages\/4357\/revisions"}],"predecessor-version":[{"id":8795,"href":"https:\/\/dac-varouest.fr\/index.php\/wp-json\/wp\/v2\/pages\/4357\/revisions\/8795"}],"up":[{"embeddable":true,"href":"https:\/\/dac-varouest.fr\/index.php\/wp-json\/wp\/v2\/pages\/2571"}],"wp:attachment":[{"href":"https:\/\/dac-varouest.fr\/index.php\/wp-json\/wp\/v2\/media?parent=4357"}],"curies":[{"name":"wp","href":"https:\/\/api.w.org\/{rel}","templated":true}]}}