{"id":8213,"date":"2026-02-04T08:49:04","date_gmt":"2026-02-04T07:49:04","guid":{"rendered":"https:\/\/dac-varouest.fr\/?page_id=8213"},"modified":"2026-03-24T10:44:46","modified_gmt":"2026-03-24T09:44:46","slug":"agenda","status":"publish","type":"page","link":"https:\/\/dac-varouest.fr\/index.php\/actualites\/agenda\/","title":{"rendered":"AgenDA&#8217;C"},"content":{"rendered":"\t\t<div data-elementor-type=\"wp-page\" data-elementor-id=\"8213\" class=\"elementor elementor-8213\">\n\t\t\t\t\t\t<section class=\"elementor-section elementor-top-section elementor-element elementor-element-1a7bef0 elementor-section-boxed elementor-section-height-default elementor-section-height-default\" data-id=\"1a7bef0\" data-element_type=\"section\" data-e-type=\"section\">\n\t\t\t\t\t\t<div class=\"elementor-container elementor-column-gap-default\">\n\t\t\t\t\t<div class=\"elementor-column elementor-col-100 elementor-top-column elementor-element elementor-element-408992b\" data-id=\"408992b\" data-element_type=\"column\" data-e-type=\"column\">\n\t\t\t<div class=\"elementor-widget-wrap elementor-element-populated\">\n\t\t\t\t\t\t<div class=\"elementor-element elementor-element-d5de814 elementor-widget elementor-widget-html\" data-id=\"d5de814\" data-element_type=\"widget\" data-e-type=\"widget\" data-widget_type=\"html.default\">\n\t\t\t\t<div class=\"elementor-widget-container\">\n\t\t\t\t\t <div class=\"dac-agenda\" data-dac-agenda=\"1\"\n      data-events=\"[{&quot;id&quot;:&quot;ev-8474&quot;,&quot;type&quot;:&quot;evenement-partenaire&quot;,&quot;title&quot;:&quot;Caf\u00e9 Parents&quot;,&quot;structure&quot;:&quot;P\u00f4le Ressource Autisme&quot;,&quot;desc&quot;:&quot;\u2615\ud83d\udc65Caf\u00e9 parents \u00e0 Cuers :\\r\\nVenez partager un moment convivial et bienveillant pour \u00e9changer entre parents d&#039;enfants TSA et partager vos exp\u00e9riences.\\r\\nInscriptions et r\u00e9servation:\\r\\n \ud83d\udce7: poleressources@aideravar.com\\r\\n \ud83d\udcde : 06 03 56 74 37&quot;,&quot;publique&quot;:&quot;Ouvert \u00e0 tous&quot;,&quot;horaires&quot;:&quot;de 14h \u00e0 16h&quot;,&quot;start&quot;:&quot;2026-03-05T00:00&quot;,&quot;end&quot;:&quot;2026-03-05T23:59&quot;,&quot;place&quot;:&quot;2360 chemin de la Pouverine 83390 Cuers - Dans les locaux de la MAS la Go\u00e9lette&quot;,&quot;moreUrl&quot;:&quot;&quot;,&quot;moreLabel&quot;:&quot;En savoir plus&quot;,&quot;parcours&quot;:&quot;parcours-aidants&quot;,&quot;territoire&quot;:&quot;bassin-hyerois&quot;},{&quot;id&quot;:&quot;ev-8475&quot;,&quot;type&quot;:&quot;evenement-partenaire&quot;,&quot;title&quot;:&quot;Caf\u00e9 Parents P\u00f4le Ressource Autisme&quot;,&quot;structure&quot;:&quot;P\u00f4le Ressource Autisme&quot;,&quot;desc&quot;:&quot;\u2615\ud83d\udc65 Caf\u00e9 parents \u00e0 la Garde :\\r\\nUn espace bienveillant pour \u00e9changer, partager son v\u00e9cu, rencontrer d\u2019autres personnes et se sentir soutenu.\\r\\nInscriptions et r\u00e9servation:\\r\\n \ud83d\udce7: poleressources@aideravar.com\\r\\n \ud83d\udcde : 06 03 56 74 37&quot;,&quot;publique&quot;:&quot;Ouvert \u00e0 tous&quot;,&quot;horaires&quot;:&quot;de 17h \u00e0 19h&quot;,&quot;start&quot;:&quot;2026-03-11T00:00&quot;,&quot;end&quot;:&quot;2026-03-11T23:59&quot;,&quot;place&quot;:&quot;200 avenue Jean Bartolini 83130 La Garde - La maison des parents&quot;,&quot;moreUrl&quot;:&quot;&quot;,&quot;moreLabel&quot;:&quot;En savoir plus&quot;,&quot;parcours&quot;:&quot;parcours-aidants&quot;,&quot;territoire&quot;:&quot;littoral-ouest-var&quot;},{&quot;id&quot;:&quot;ev-8477&quot;,&quot;type&quot;:&quot;evenement-partenaire&quot;,&quot;title&quot;:&quot;Groupe de Parole pour Adultes Autistes&quot;,&quot;structure&quot;:&quot;P\u00f4le Ressource Autisme&quot;,&quot;desc&quot;:&quot;\ud83d\udc65 Groupe de parole pour adultes (+16 ans) autistes :\\r\\nUn espace bienveillant pour \u00e9changer, partager son v\u00e9cu, rencontrer d\u2019autres personnes et se sentir soutenu.\\r\\nLe groupe est anim\u00e9 par un professionnel form\u00e9 \u00e0 l\u2019accompagnement des adultes TSA.\\r\\nInscriptions et r\u00e9servation:\\r\\n \ud83d\udce7: poleressources@aideravar.com\\r\\n \ud83d\udcde : 06 03 56 74 37&quot;,&quot;publique&quot;:&quot;Ouvert \u00e0 tous&quot;,&quot;horaires&quot;:&quot;de 17h \u00e0 19h&quot;,&quot;start&quot;:&quot;2026-03-18T00:00&quot;,&quot;end&quot;:&quot;2026-03-18T23:59&quot;,&quot;place&quot;:&quot;RDV \u00e0 l&#039;annexe : 388 chemin de Moneiret 83200 Toulon.&quot;,&quot;moreUrl&quot;:&quot;&quot;,&quot;moreLabel&quot;:&quot;En savoir plus&quot;,&quot;parcours&quot;:&quot;parcours-personnes-en-situation-de-handicap&quot;,&quot;territoire&quot;:&quot;littoral-ouest-var&quot;},{&quot;id&quot;:&quot;ev-8479&quot;,&quot;type&quot;:&quot;evenement-partenaire&quot;,&quot;title&quot;:&quot;Caf\u00e9 Parents&quot;,&quot;structure&quot;:&quot;P\u00f4le Ressource Autisme&quot;,&quot;desc&quot;:&quot;\u2615\ud83d\udc68\ud83c\udffb\u200d\ud83d\udc69\ud83c\udffc\u200d\ud83d\udc67\ud83c\udffd\u200d\ud83d\udc66\ud83c\udffe Caf\u00e9 parents \u00e0 Toulon :\\r\\nVenez partager un moment convivial et bienveillant autour d&#039;un caf\u00e9, pour \u00e9changer et partager vos exp\u00e9riences en tant que parents d&#039;enfants TSA\\r\\nInscriptions et r\u00e9servation:\\r\\n \ud83d\udce7: poleressources@aideravar.com\\r\\n \ud83d\udcde : 06 03 56 74 37&quot;,&quot;publique&quot;:&quot;Ouvert \u00e0 tous&quot;,&quot;horaires&quot;:&quot;de 9h \u00e0 11h&quot;,&quot;start&quot;:&quot;2026-03-19T00:00&quot;,&quot;end&quot;:&quot;2026-03-19T23:59&quot;,&quot;place&quot;:&quot;388 chemin de Moneiret 83200 Toulon&quot;,&quot;moreUrl&quot;:&quot;&quot;,&quot;moreLabel&quot;:&quot;En savoir plus&quot;,&quot;parcours&quot;:&quot;parcours-aidants&quot;,&quot;territoire&quot;:&quot;littoral-ouest-var&quot;},{&quot;id&quot;:&quot;ev-8482&quot;,&quot;type&quot;:&quot;evenement-partenaire&quot;,&quot;title&quot;:&quot;Atelier danse pour les Parents d&#039;enfants autistes&quot;,&quot;structure&quot;:&quot;P\u00f4le Ressource Autisme&quot;,&quot;desc&quot;:&quot;\ud83d\udd7a\ud83d\udc83Atelier Danse pour les parents : \\r\\nParents ou aidants d&#039;un enfant avec autisme, venez partager un moment convivial. Venez nombreux danser avec le Big Soleil , une danse ou vous l\u00e2chez prise et prenez du temps pour vous !!!\\r\\nInscriptions et r\u00e9servation:\\r\\n \ud83d\udce7: poleressources@aideravar.com\\r\\n \ud83d\udcde : 06 03 56 74 37&quot;,&quot;publique&quot;:&quot;Ouvert \u00e0 tous&quot;,&quot;horaires&quot;:&quot;de 14h \u00e0 18h&quot;,&quot;start&quot;:&quot;2026-03-24T00:00&quot;,&quot;end&quot;:&quot;2026-03-24T23:59&quot;,&quot;place&quot;:&quot;388 chemin de Moneiret 83200 Toulon&quot;,&quot;moreUrl&quot;:&quot;&quot;,&quot;moreLabel&quot;:&quot;En savoir plus&quot;,&quot;parcours&quot;:&quot;parcours-aidants&quot;,&quot;territoire&quot;:&quot;littoral-ouest-var&quot;},{&quot;id&quot;:&quot;ev-8520&quot;,&quot;type&quot;:&quot;conference&quot;,&quot;title&quot;:&quot;La sobri\u00e9t\u00e9 en M\u00e9decine, vers une m\u00e9decine du juste soin&quot;,&quot;structure&quot;:&quot;Espace Ethique PACA CORSE&quot;,&quot;desc&quot;:&quot;\\&quot;La m\u00e9decine de la justesse n\u2019est pas celle qui fait moins, mais celle qui cherche \u00e0 faire ce qui est juste pour ce patient, \u00e0 ce moment pr\u00e9cis, dans\\r\\nce contexte donn\u00e9. Elle interroge la pertinence des actes, leur proportionnalit\u00e9, leur sens.\\&quot; \\r\\nInscription obligatoire&quot;,&quot;publique&quot;:&quot;Ouvert \u00e0 tous&quot;,&quot;horaires&quot;:&quot;De 17h \u00e0 20h&quot;,&quot;start&quot;:&quot;2026-03-25T00:00&quot;,&quot;end&quot;:&quot;2026-03-25T23:59&quot;,&quot;place&quot;:&quot;UFR Facult\u00e9 de droit Toulon&quot;,&quot;moreUrl&quot;:&quot;https:\/\/www.eventbrite.fr\/e\/debat-citoyen-dans-le-cadre-des-etats-generaux-de-la-bioethique-2026-tickets-1982005791677?aff=oddtdtcreator&quot;,&quot;moreLabel&quot;:&quot;En savoir plus&quot;,&quot;parcours&quot;:&quot;autre&quot;,&quot;territoire&quot;:&quot;territoire-du-dac-var-ouest&quot;},{&quot;id&quot;:&quot;ev-8516&quot;,&quot;type&quot;:&quot;conference&quot;,&quot;title&quot;:&quot;Soir\u00e9e th\u00e9matique Activit\u00e9 Physique Adapt\u00e9e&quot;,&quot;structure&quot;:&quot;P\u00f4le g\u00e9riatrique de Mar vivo&quot;,&quot;desc&quot;:&quot;Le p\u00f4le g\u00e9riatrique de Mar Vivo a le plaisir de vous convier \u00e0 une soir\u00e9e th\u00e9matique consacr\u00e9e \u00e0 l\u2019Activit\u00e9 physique adapt\u00e9e \u00e0 la personne \u00e2g\u00e9e. Cette soir\u00e9e se cl\u00f4turera par un buffet dinatoire.  Nous vous remercions, par avance, de vous inscrire avant le 18 mars 2026, soit par mail \u00e0 secrdirection.imm83@lna-sante.com, soit par t\u00e9l\u00e9phone au 04 94 11 12 22.&quot;,&quot;publique&quot;:&quot;Partenaires uniquement&quot;,&quot;horaires&quot;:&quot;de 19h \u00e0 22h&quot;,&quot;start&quot;:&quot;2026-03-25T00:00&quot;,&quot;end&quot;:&quot;2026-03-25T23:59&quot;,&quot;place&quot;:&quot;104 chemin de Mar Vivo aux deux ch\u00eanes 83500 La Seyne sur Mer&quot;,&quot;moreUrl&quot;:&quot;https:\/\/forms.office.com\/Pages\/ResponsePage.aspx?id=6kPj0is9KkK2e1QQVoC60pzUaAVMh49Mhhl6zkBjKAFUMkwxMjBRWlVTUzEzUDY2VkhDNDM1WjFLVS4u&quot;,&quot;moreLabel&quot;:&quot;En savoir plus&quot;,&quot;parcours&quot;:&quot;parcours-personnes-agees&quot;,&quot;territoire&quot;:&quot;territoire-du-dac-var-ouest&quot;},{&quot;id&quot;:&quot;ev-8484&quot;,&quot;type&quot;:&quot;evenement-partenaire&quot;,&quot;title&quot;:&quot;Randonn\u00e9e adapt\u00e9e &amp; pique-nique en famille&quot;,&quot;structure&quot;:&quot;P\u00f4le Ressource Autisme&quot;,&quot;desc&quot;:&quot;\ud83c\udf3f\ud83e\udd7e\ud83e\uddfa Randonn\u00e9e adapt\u00e9e &amp; pique-nique en famille :\\r\\n\\r\\nUne sortie nature accessible \u00e0 tous, pour prendre l\u2019air et profiter d\u2019un moment ensemble.\\r\\nChacun apporte son pique-nique, et nous partons pour une balade douce, adapt\u00e9e aux besoins de chacun. \\r\\n\u26a0\ufe0fAmener une nappe pour s&#039;assoir car il n&#039;y a pas de table de pique nique !!!\\r\\nInscriptions et r\u00e9servation:\\r\\n \ud83d\udce7: poleressources@aideravar.com\\r\\n \ud83d\udcde : 06 03 56 74 37&quot;,&quot;publique&quot;:&quot;Ouvert \u00e0 tous&quot;,&quot;horaires&quot;:&quot;de 11h \u00e0 13h&quot;,&quot;start&quot;:&quot;2026-03-25T00:00&quot;,&quot;end&quot;:&quot;2026-03-25T23:59&quot;,&quot;place&quot;:&quot;Revest - randonn\u00e9e au barrage du Revest-les-eaux&quot;,&quot;moreUrl&quot;:&quot;&quot;,&quot;moreLabel&quot;:&quot;En savoir plus&quot;,&quot;parcours&quot;:&quot;parcours-personnes-en-situation-de-handicap&quot;,&quot;territoire&quot;:&quot;littoral-ouest-var&quot;},{&quot;id&quot;:&quot;ev-8499&quot;,&quot;type&quot;:&quot;evenement-dac&quot;,&quot;title&quot;:&quot;Assembl\u00e9e G\u00e9n\u00e9rale&quot;,&quot;structure&quot;:&quot;DAC Var Ouest&quot;,&quot;desc&quot;:&quot;Vous \u00eates adh\u00e9rents au DAC Var Ouest ? Alors venez participer \u00e0 notre Assembl\u00e9e g\u00e9n\u00e9rale et passer un moment convivial lors de notre cocktail d\u00e9jeunatoire.&quot;,&quot;publique&quot;:&quot;Partenaires uniquement&quot;,&quot;horaires&quot;:&quot;de 10h \u00e0 12h30&quot;,&quot;start&quot;:&quot;2026-03-26T00:00&quot;,&quot;end&quot;:&quot;2026-03-26T23:59&quot;,&quot;place&quot;:&quot;Espace Nautique Hy\u00e8res : Av du Dr Robin, Port St- Pierre, le Port,\u00a0 83 400 HYERES&quot;,&quot;moreUrl&quot;:&quot;&quot;,&quot;moreLabel&quot;:&quot;En savoir plus&quot;,&quot;parcours&quot;:&quot;autre&quot;,&quot;territoire&quot;:&quot;territoire-du-dac-var-ouest&quot;},{&quot;id&quot;:&quot;ev-8604&quot;,&quot;type&quot;:&quot;evenement-partenaire&quot;,&quot;title&quot;:&quot;Caf\u00e9 des Aidants&quot;,&quot;structure&quot;:&quot;Le Cap Sici\u00e9&quot;,&quot;desc&quot;:&quot;Caf\u00e9 des aidants : Echanges auteur du th\u00e8me -&gt;\\r\\nLes interventions non m\u00e9dicamenteuses pratiqu\u00e9es \u00e0 l&#039;EHPAD Korian Le Cap Sici\u00e9&quot;,&quot;publique&quot;:&quot;Ouvert \u00e0 tous&quot;,&quot;horaires&quot;:&quot;De 15h \u00e0 16h30&quot;,&quot;start&quot;:&quot;2026-03-27T00:00&quot;,&quot;end&quot;:&quot;2026-03-27T23:59&quot;,&quot;place&quot;:&quot;264 chemin des Barelles, 83500 La Seyne sur Mer&quot;,&quot;moreUrl&quot;:&quot;&quot;,&quot;moreLabel&quot;:&quot;En savoir plus&quot;,&quot;parcours&quot;:&quot;parcours-aidants&quot;,&quot;territoire&quot;:&quot;littoral-ouest-var&quot;},{&quot;id&quot;:&quot;ev-8523&quot;,&quot;type&quot;:&quot;conference&quot;,&quot;title&quot;:&quot;Conf\u00e9rence Endom\u00e9triose&quot;,&quot;structure&quot;:&quot;EHPAD NOTRE DAME DE PARACOL&quot;,&quot;desc&quot;:&quot;&quot;,&quot;publique&quot;:&quot;Ouvert \u00e0 tous&quot;,&quot;horaires&quot;:&quot;De 14h \u00e0 16h&quot;,&quot;start&quot;:&quot;2026-03-27T00:00&quot;,&quot;end&quot;:&quot;2026-03-27T23:59&quot;,&quot;place&quot;:&quot;273 chemin de Paracol 83143 LE VAL&quot;,&quot;moreUrl&quot;:&quot;&quot;,&quot;moreLabel&quot;:&quot;En savoir plus&quot;,&quot;parcours&quot;:&quot;autre&quot;,&quot;territoire&quot;:&quot;provence-verte&quot;},{&quot;id&quot;:&quot;ev-8511&quot;,&quot;type&quot;:&quot;evenement-partenaire&quot;,&quot;title&quot;:&quot;4\u00e8me Forum de l&#039;autisme&quot;,&quot;structure&quot;:&quot;Lion&#039;s Club de Toulon Port La Montagne&quot;,&quot;desc&quot;:&quot;Rencontre entre partenaires, structures et entreprise : information, orientation sur les droits des personnes en situation de handicap et leur aidants facilitant l&#039;acc\u00e8s et l&#039;insertion \u00e0 l&#039;emploi. Vous trouverez aussi de l&#039;aide pour les aidants et les personnes ne pouvant pas travailler avec les associations locales.&quot;,&quot;publique&quot;:&quot;Ouvert \u00e0 tous&quot;,&quot;horaires&quot;:&quot;de 10h \u00e0 18h&quot;,&quot;start&quot;:&quot;2026-03-27T00:00&quot;,&quot;end&quot;:&quot;2026-03-27T23:59&quot;,&quot;place&quot;:&quot;Gymnase des Lices \u00e0 Toulon&quot;,&quot;moreUrl&quot;:&quot;https:\/\/www.linkedin.com\/events\/4emeforumdel-autisme-formatione7420017437225693185\/&quot;,&quot;moreLabel&quot;:&quot;En savoir plus&quot;,&quot;parcours&quot;:&quot;parcours-personnes-en-situation-de-handicap&quot;,&quot;territoire&quot;:&quot;littoral-ouest-var&quot;},{&quot;id&quot;:&quot;ev-8518&quot;,&quot;type&quot;:&quot;evenement-partenaire&quot;,&quot;title&quot;:&quot;Musiceau 2026&quot;,&quot;structure&quot;:&quot;Service des sports de Brignoles&quot;,&quot;desc&quot;:&quot;La Ville de Brignoles vous invite \u00e0 \u00ab Musiceau 2026 \u00bb, un \u00e9v\u00e9nement festif et engag\u00e9 autour de l\u2019eau, de l\u2019environnement et du bien-\u00eatre. Au programme : animations, rencontres et d\u00e9couvertes pour tous.\\r\\n\\r\\nUn temps fort pour valoriser le sport sant\u00e9 : bouger, pr\u00e9venir, prendre soin de soi dans un cadre naturel et convivial !&quot;,&quot;publique&quot;:&quot;Ouvert \u00e0 tous&quot;,&quot;horaires&quot;:&quot;de 18h15 \u00e0 22h&quot;,&quot;start&quot;:&quot;2026-03-28T00:00&quot;,&quot;end&quot;:&quot;2026-03-28T23:59&quot;,&quot;place&quot;:&quot;Centre aquatique intercommunal \u00ab\u00a0Aquavabre\u00a0\u00bb de Brignoles&quot;,&quot;moreUrl&quot;:&quot;&quot;,&quot;moreLabel&quot;:&quot;En savoir plus&quot;,&quot;parcours&quot;:&quot;autre&quot;,&quot;territoire&quot;:&quot;provence-verte&quot;},{&quot;id&quot;:&quot;ev-8485&quot;,&quot;type&quot;:&quot;conference&quot;,&quot;title&quot;:&quot;Soir\u00e9e conf\u00e9rence sur l&#039;Activit\u00e9 Physique Adapt\u00e9e&quot;,&quot;structure&quot;:&quot;UFOLEP&quot;,&quot;desc&quot;:&quot;L&#039;UFOLEP du Var, le DAC Var Ouest et la CPTS Hy\u00e8res et Iles d\u2019Or vous proposent une \\&quot; Soir\u00e9e conf\u00e9rence sur l&#039;Activit\u00e9 Physique Adapt\u00e9e\\&quot;.\\r\\nQue vous soyez m\u00e9decin, prescripteur \/ intervenant APA ou professionnels, cette soir\u00e9e vous concerne.\\r\\nCette soir\u00e9e est organis\u00e9e par les \u00e9tudiants Master 1 APAS de l&#039;UFR STAPS de la Garde !\\r\\nPour vous inscrire \u00e0 cet \u00e9v\u00e8nement vous pouvez cliquer sur \\&quot;En savoir plus\\&quot; \ud83d\udc47&quot;,&quot;publique&quot;:&quot;Ouvert \u00e0 tous&quot;,&quot;horaires&quot;:&quot;de 18h30 \u00e0 21h30&quot;,&quot;start&quot;:&quot;2026-03-31T00:00&quot;,&quot;end&quot;:&quot;2026-03-31T23:59&quot;,&quot;place&quot;:&quot;Espace Nautique de Hy\u00e8res salle Porquerolles&quot;,&quot;moreUrl&quot;:&quot;https:\/\/www.helloasso.com\/associations\/dac-var-ouest\/evenements\/conference-apa-du-31-03&quot;,&quot;moreLabel&quot;:&quot;En savoir plus&quot;,&quot;parcours&quot;:&quot;autre&quot;,&quot;territoire&quot;:&quot;bassin-hyerois&quot;},{&quot;id&quot;:&quot;ev-8605&quot;,&quot;type&quot;:&quot;conference&quot;,&quot;title&quot;:&quot;2\u1d49 \u00e9dition de la Journ\u00e9e territoriale \\&quot;Nouveaux m\u00e9tiers\\&quot;&quot;,&quot;structure&quot;:&quot;Collectif horizon sant\u00e9 medico social&quot;,&quot;desc&quot;:&quot;Programme : \\r\\n9h00 Accueil caf\u00e9\\r\\n9h30 Mots d&#039;introduction\\r\\n10h00 Les nouveaux m\u00e9tiers et la responsabilit\u00e9 populationnelle \\r\\nIntervenants Ana\u00efs Li-Fonti en appui du Professeur Pradier, UNIV nice\\r\\nPause active\\r\\n11h15 Les nouveaux m\u00e9tiers et cas complexes \\r\\nCommunaut\u00e9 multi-acteurs des nouveaux m\u00e9tiers\\r\\n12h15 Exp\u00e9rimenter et structurer l&#039;int\u00e9gration d&#039;un nouveau m\u00e9tier dans les organisation T\u00e9moignages de structures\\r\\nPause repas\\r\\n14h00 Ateliers th\u00e9matiques autour de cas pratiques entre professionnels&quot;,&quot;publique&quot;:&quot;Partenaires uniquement&quot;,&quot;horaires&quot;:&quot;De 9h \u00e0 16h&quot;,&quot;start&quot;:&quot;2026-04-02T00:00&quot;,&quot;end&quot;:&quot;2026-04-02T23:59&quot;,&quot;place&quot;:&quot;Salle polyvalente, 200 avenue Sainte Anne,\\r\\n83490 Le Muy&quot;,&quot;moreUrl&quot;:&quot;https:\/\/forms.office.com\/pages\/responsepage.aspx?id=vH3kYKbYK0Kn_9DxIrwTo9RrMlwYBvhPmFSpWIq5VqVUQUJURDdXRkFVWFVKN1RNTFlQMTdRTlVaTy4u&amp;route=shorturl&quot;,&quot;moreLabel&quot;:&quot;En savoir plus&quot;,&quot;parcours&quot;:&quot;autre&quot;,&quot;territoire&quot;:&quot;hors-var-ouest&quot;},{&quot;id&quot;:&quot;ev-8853&quot;,&quot;type&quot;:&quot;evenement-partenaire&quot;,&quot;title&quot;:&quot;Journ\u00e9e Alzheimer et Parkinson&quot;,&quot;structure&quot;:&quot;Le Fil d&#039;Argent&quot;,&quot;desc&quot;:&quot;Le Centre d\u2019Etude et d\u2019Action Sociale du Var (CEAS DU VAR), fondateur et gestionnaire de L\u2019accueil de jour pour malades Alzheimer \u00ab Le Fil d\u2019Argent \u00bb, organise, \u00e0 l\u2019occasion de ses 50 ans, une journ\u00e9e consacr\u00e9e aux maladies neuro-d\u00e9g\u00e9n\u00e9ratives et aux aidants familiaux.\\r\\n\\r\\nLa branche de LIONS CLUB de HYERES-ILES D\u2019OR-LA GARDE est coorganisatrice de cet \u00e9v\u00e8nement.\\r\\n\\r\\nTrois temps forts sont pr\u00e9vus lors de cette journ\u00e9e qui aura lieu le Jeudi 16 Avril \u00e0 la salle G\u00e9rard Philipe \u00e0 La GARDE.\\r\\n\\r\\nL\u2019apr\u00e8s-midi, ouverte au grand public, alternera moments festifs et conf\u00e9rences dont l\u2019une d\u2019entre elles sera anim\u00e9e par Jacques MARTIN, pr\u00e9sident national de LIONS ALZHEIMER (programme joint).\\r\\n\\r\\nLa soir\u00e9e sera cl\u00f4tur\u00e9e par un grand concert caritatif des ann\u00e9es 80, \u00e9galement ouvert au public, dont le prix d\u2019entr\u00e9e sera laiss\u00e9 libre \u00e0 l\u2019appr\u00e9ciation des auditeurs.\\r\\n\\r\\nEntre ces deux temps forts, un cocktail des 50 ans sera organis\u00e9 sur invitations nominatives et r\u00e9serv\u00e9 aux institutions, aux partenaires, et plus largement aux principaux acteurs, internes et externes, pr\u00e9sents ou pass\u00e9s, du \u00ab Fil d\u2019Argent \u00bb.&quot;,&quot;publique&quot;:&quot;Ouvert \u00e0 tous&quot;,&quot;horaires&quot;:&quot;De 14h \u00e0 17h30&quot;,&quot;start&quot;:&quot;2026-04-16T00:00&quot;,&quot;end&quot;:&quot;2026-04-16T23:59&quot;,&quot;place&quot;:&quot;Salle G\u00e9rard Philipe - La GARDE&quot;,&quot;moreUrl&quot;:&quot;&quot;,&quot;moreLabel&quot;:&quot;En savoir plus&quot;,&quot;parcours&quot;:&quot;parcours-aidants&quot;,&quot;territoire&quot;:&quot;bassin-hyerois&quot;},{&quot;id&quot;:&quot;ev-8514&quot;,&quot;type&quot;:&quot;conference&quot;,&quot;title&quot;:&quot;Conf\u00e9rence num\u00e9rique sur les d\u00e9marches en ligne&quot;,&quot;structure&quot;:&quot;CCAS de Toulon&quot;,&quot;desc&quot;:&quot;Comprendre, se rep\u00e9rer, cr\u00e9er et utiliser des comptes, \u00e9viter les erreurs...\\r\\nAcc\u00e8s gratuit sur r\u00e9servation\\r\\nInscription et r\u00e9servation :\\r\\n0617285341 - 0611688541&quot;,&quot;publique&quot;:&quot;Ouvert \u00e0 tous&quot;,&quot;horaires&quot;:&quot;\u00e0 14h00&quot;,&quot;start&quot;:&quot;2026-06-11T00:00&quot;,&quot;end&quot;:&quot;2026-06-11T23:59&quot;,&quot;place&quot;:&quot;CCAS de Toulon : 110 rue des Remparts 83000 Toulon&quot;,&quot;moreUrl&quot;:&quot;https:\/\/toulon.fr\/agenda\/conference-numerique-mes-demarches-en-ligne&quot;,&quot;moreLabel&quot;:&quot;En savoir plus&quot;,&quot;parcours&quot;:&quot;parcours-personnes-agees&quot;,&quot;territoire&quot;:&quot;territoire-du-dac-var-ouest&quot;},{&quot;id&quot;:&quot;ev-9291&quot;,&quot;type&quot;:&quot;evenement-partenaire&quot;,&quot;title&quot;:&quot;Assembl\u00e9e G\u00e9niale et G\u00e9n\u00e9rale&quot;,&quot;structure&quot;:&quot;Coridys Var&quot;,&quot;desc&quot;:&quot;Pour que votre cerveau et notre asso n&#039;aient plus de secrets pour vous, entre jeux cognitifs et \u00e9nigmes, saurez-vous d\u00e9couvrir les activit\u00e9s r\u00e9alis\u00e9es par Coridys Var ?\\r\\nAu programme :\u00a0\\r\\n\\r\\n- Accueil et jeux de 16h \u00e0 18h30\\r\\n- Assembl\u00e9e g\u00e9n\u00e9rale de 19h \u00e0 20h\\r\\n- Ap\u00e9ritif \u00e0 20h\u00a0\\r\\n\\r\\nInscription obligatoire : https:\/\/forms.gle\/3ja5KSTaxaoy8PVM9&quot;,&quot;publique&quot;:&quot;Ouvert \u00e0 tous&quot;,&quot;horaires&quot;:&quot;De 16h \u00e0 21h30&quot;,&quot;start&quot;:&quot;2026-06-18T00:00&quot;,&quot;end&quot;:&quot;2026-06-18T23:59&quot;,&quot;place&quot;:&quot;Espace ath\u00e9na - Parc Ath\u00e9na - 83190 Ollioules&quot;,&quot;moreUrl&quot;:&quot;https:\/\/acrobat.adobe.com\/id\/urn:aaid:sc:EU:a01b2a2d-bf6b-4197-bafc-f6472c320d4c&quot;,&quot;moreLabel&quot;:&quot;En savoir plus&quot;,&quot;parcours&quot;:&quot;autre&quot;,&quot;territoire&quot;:&quot;littoral-ouest-var&quot;},{&quot;id&quot;:&quot;ev-8515&quot;,&quot;type&quot;:&quot;conference&quot;,&quot;title&quot;:&quot;Conf\u00e9rence num\u00e9rique sur la cybers\u00e9curit\u00e9&quot;,&quot;structure&quot;:&quot;CCAS de Toulon&quot;,&quot;desc&quot;:&quot;Comprendre, se rep\u00e9rer, cr\u00e9er et utiliser des comptes, \u00e9viter les erreurs...\\r\\nAcc\u00e8s gratuit sur r\u00e9servation\\r\\nInscription et r\u00e9servation :\\r\\n0617285341 - 0611688541&quot;,&quot;publique&quot;:&quot;Ouvert \u00e0 tous&quot;,&quot;horaires&quot;:&quot;\u00e0 14h00&quot;,&quot;start&quot;:&quot;2026-10-15T00:00&quot;,&quot;end&quot;:&quot;2026-10-15T23:59&quot;,&quot;place&quot;:&quot;CCAS de Toulon : 110 rue des Remparts 83000 Toulon&quot;,&quot;moreUrl&quot;:&quot;https:\/\/toulon.fr\/agenda\/conference-numerique-mes-demarches-en-ligne&quot;,&quot;moreLabel&quot;:&quot;En savoir plus&quot;,&quot;parcours&quot;:&quot;parcours-personnes-agees&quot;,&quot;territoire&quot;:&quot;territoire-du-dac-var-ouest&quot;}]\"\n      data-terms=\"{&quot;types&quot;:[{&quot;value&quot;:&quot;all&quot;,&quot;label&quot;:&quot;Tous&quot;,&quot;dot&quot;:&quot;dot-all&quot;},{&quot;value&quot;:&quot;conference&quot;,&quot;label&quot;:&quot;Conf\u00e9rence&quot;,&quot;dot&quot;:&quot;dot-type&quot;},{&quot;value&quot;:&quot;evenement-dac&quot;,&quot;label&quot;:&quot;\u00c9v\u00e8nement DAC&quot;,&quot;dot&quot;:&quot;dot-type&quot;},{&quot;value&quot;:&quot;evenement-partenaire&quot;,&quot;label&quot;:&quot;\u00c9v\u00e8nement partenaire&quot;,&quot;dot&quot;:&quot;dot-type&quot;}],&quot;parcours&quot;:[{&quot;value&quot;:&quot;all&quot;,&quot;label&quot;:&quot;Tout parcours&quot;},{&quot;value&quot;:&quot;autre&quot;,&quot;label&quot;:&quot;Autre&quot;},{&quot;value&quot;:&quot;parcours-aidants&quot;,&quot;label&quot;:&quot;Parcours aidants&quot;},{&quot;value&quot;:&quot;parcours-oncologie&quot;,&quot;label&quot;:&quot;Parcours oncologie&quot;},{&quot;value&quot;:&quot;parcours-personnes-agees&quot;,&quot;label&quot;:&quot;Parcours personnes \u00e2g\u00e9es&quot;},{&quot;value&quot;:&quot;parcours-personnes-en-situation-de-handicap&quot;,&quot;label&quot;:&quot;Parcours personnes en situation de handicap&quot;},{&quot;value&quot;:&quot;parcours-precarite-logement&quot;,&quot;label&quot;:&quot;Parcours pr\u00e9carit\u00e9 - logement&quot;},{&quot;value&quot;:&quot;parcours-prevention-promotion-de-la-sante&quot;,&quot;label&quot;:&quot;Parcours pr\u00e9vention \/ promotion de la sant\u00e9&quot;},{&quot;value&quot;:&quot;parcours-sante-mentale&quot;,&quot;label&quot;:&quot;Parcours sant\u00e9 mentale&quot;}],&quot;territoires&quot;:[{&quot;value&quot;:&quot;all&quot;,&quot;label&quot;:&quot;Tous territoires&quot;},{&quot;value&quot;:&quot;bassin-hyerois&quot;,&quot;label&quot;:&quot;Bassin Hy\u00e9rois&quot;},{&quot;value&quot;:&quot;littoral-ouest-var&quot;,&quot;label&quot;:&quot;Littoral Ouest Var&quot;},{&quot;value&quot;:&quot;provence-verte&quot;,&quot;label&quot;:&quot;Provence Verte&quot;},{&quot;value&quot;:&quot;territoire-du-dac-var-ouest&quot;,&quot;label&quot;:&quot;Territoire du DAC Var Ouest&quot;},{&quot;value&quot;:&quot;hors-var-ouest&quot;,&quot;label&quot;:&quot;Territoire hors Var Ouest&quot;}]}\">\n\n   <div class=\"dac-toolbar\">\n     <div class=\"dac-toolbar-layout\">\n\n       <div class=\"dac-block\">\n         <div class=\"dac-row-label\">Type d\u2019\u00e9v\u00e8nements :<\/div>\n         <div class=\"dac-chips dac-chips-grid\" data-role=\"chips\"><\/div>\n       <\/div>\n\n       <div class=\"dac-block\">\n         <div class=\"dac-row-label\">Autres filtres :<\/div>\n         <div class=\"dac-stack\">\n           <select class=\"dac-field dac-field-block\" data-role=\"parcours\"><\/select>\n           <select class=\"dac-field dac-field-block\" data-role=\"territoire\"><\/select>\n           <select class=\"dac-field dac-field-block\" data-role=\"month\"><\/select>\n\t\t<select class=\"dac-field dac-field-block\" data-role=\"public\">\n\t\t  <option value=\"all\">Tous publics<\/option>\n\t\t  <option value=\"Ouvert \u00e0 tous\">Ouvert \u00e0 tous<\/option>\n\t\t  <option value=\"Partenaires uniquement\">Partenaires uniquement<\/option>\n\t\t<\/select>\n         <\/div>\n       <\/div>\n\n       <div class=\"dac-block\">\n         <div class=\"dac-row-label\">&nbsp;<\/div>\n         <div class=\"dac-stack\">\n           <div class=\"dac-searchwrap dac-field-block\">\n             <span class=\"dac-searchicon\">\ud83d\udd0e<\/span>\n             <input class=\"dac-field dac-search\" data-role=\"search\" type=\"search\" placeholder=\"Recherche (lieu, \u00e9v\u00e8nement, ...)\" \/>\n           <\/div>\n\n           <label class=\"dac-switch dac-switch-block\">\n             <input type=\"checkbox\" data-role=\"weekdays\">\n             <span>Semaine uniquement<\/span>\n           <\/label>\n         <\/div>\n       <\/div>\n\n     <\/div>\n   <\/div>\n\n   <div class=\"dac-header\">\n     <h2 class=\"dac-title\" data-role=\"title\">Agenda<\/h2>\n     <div class=\"dac-nav\">\n       <button class=\"dac-nav-btn\" data-role=\"prev\" aria-label=\"Mois pr\u00e9c\u00e9dent\">\u2190<\/button>\n       <button class=\"dac-nav-today\" data-role=\"today\">Aujourd\u2019hui<\/button>\n       <button class=\"dac-nav-btn\" data-role=\"next\" aria-label=\"Mois suivant\">\u2192<\/button>\n     <\/div>\n   <\/div>\n\n   <div class=\"dac-cal\">\n     <div class=\"dac-dow\" data-role=\"dow\"><\/div>\n     <div class=\"dac-grid\" data-role=\"grid\"><\/div>\n   <\/div>\n\n   <div class=\"dac-pop\" data-role=\"pop\" aria-hidden=\"true\">\n     <div class=\"dac-pop-head\">\n       <h3 class=\"dac-pop-title\" data-role=\"popTitle\"><\/h3>\n       <button class=\"dac-pop-close\" data-role=\"popClose\" aria-label=\"Fermer\">\u00d7<\/button>\n     <\/div>\n     <div class=\"dac-pop-meta\" data-role=\"popMeta\"><\/div>\n     <div class=\"dac-pop-actions\" data-role=\"popActions\"><\/div>\n   <\/div>\n\n <\/div>\n     \t\t\t\t<\/div>\n\t\t\t\t<\/div>\n\t\t\t\t\t<\/div>\n\t\t<\/div>\n\t\t\t\t\t<\/div>\n\t\t<\/section>\n\t\t\t\t<\/div>\n\t\t","protected":false},"excerpt":{"rendered":"","protected":false},"author":7,"featured_media":0,"parent":4313,"menu_order":0,"comment_status":"closed","ping_status":"closed","template":"","meta":{"_acf_changed":false,"advanced_seo_description":"","jetpack_seo_html_title":"","jetpack_seo_noindex":false,"footnotes":""},"class_list":["post-8213","page","type-page","status-publish","hentry"],"acf":[],"_links":{"self":[{"href":"https:\/\/dac-varouest.fr\/index.php\/wp-json\/wp\/v2\/pages\/8213","targetHints":{"allow":["GET"]}}],"collection":[{"href":"https:\/\/dac-varouest.fr\/index.php\/wp-json\/wp\/v2\/pages"}],"about":[{"href":"https:\/\/dac-varouest.fr\/index.php\/wp-json\/wp\/v2\/types\/page"}],"author":[{"embeddable":true,"href":"https:\/\/dac-varouest.fr\/index.php\/wp-json\/wp\/v2\/users\/7"}],"replies":[{"embeddable":true,"href":"https:\/\/dac-varouest.fr\/index.php\/wp-json\/wp\/v2\/comments?post=8213"}],"version-history":[{"count":11,"href":"https:\/\/dac-varouest.fr\/index.php\/wp-json\/wp\/v2\/pages\/8213\/revisions"}],"predecessor-version":[{"id":8500,"href":"https:\/\/dac-varouest.fr\/index.php\/wp-json\/wp\/v2\/pages\/8213\/revisions\/8500"}],"up":[{"embeddable":true,"href":"https:\/\/dac-varouest.fr\/index.php\/wp-json\/wp\/v2\/pages\/4313"}],"wp:attachment":[{"href":"https:\/\/dac-varouest.fr\/index.php\/wp-json\/wp\/v2\/media?parent=8213"}],"curies":[{"name":"wp","href":"https:\/\/api.w.org\/{rel}","templated":true}]}}